{"id":1649,"date":"2022-02-09T13:18:22","date_gmt":"2022-02-09T13:18:22","guid":{"rendered":"https:\/\/www.childrenofmedellin.comsobre-nosotros\/"},"modified":"2024-06-12T19:02:46","modified_gmt":"2024-06-12T19:02:46","slug":"sobre-nosotros","status":"publish","type":"page","link":"https:\/\/childrenofmedellin.com\/staging\/sobre-nosotros\/?lang=es","title":{"rendered":"Sobre nosotros"},"content":{"rendered":"\t\t<div data-elementor-type=\"wp-page\" data-elementor-id=\"1649\" class=\"elementor elementor-1649 elementor-12\" data-elementor-post-type=\"page\">\n\t\t\t\t\t\t<section class=\"elementor-section elementor-top-section elementor-element elementor-element-a2f97b9 elementor-section-height-min-height elementor-section-boxed elementor-section-height-default elementor-section-items-middle\" data-id=\"a2f97b9\" data-element_type=\"section\" data-e-type=\"section\" data-settings=\"{&quot;background_background&quot;:&quot;slideshow&quot;,&quot;background_slideshow_gallery&quot;:[],&quot;background_slideshow_loop&quot;:&quot;yes&quot;,&quot;background_slideshow_slide_duration&quot;:5000,&quot;background_slideshow_slide_transition&quot;:&quot;fade&quot;,&quot;background_slideshow_transition_duration&quot;:500}\">\n\t\t\t\t\t\t\t<div class=\"elementor-background-overlay\"><\/div>\n\t\t\t\t\t\t\t<div class=\"elementor-container elementor-column-gap-default\">\n\t\t\t\t\t<div class=\"elementor-column elementor-col-100 elementor-top-column elementor-element elementor-element-7afd4ed\" data-id=\"7afd4ed\" data-element_type=\"column\" data-e-type=\"column\" data-settings=\"{&quot;background_background&quot;:&quot;slideshow&quot;,&quot;background_slideshow_gallery&quot;:[],&quot;background_slideshow_loop&quot;:&quot;yes&quot;,&quot;background_slideshow_slide_duration&quot;:5000,&quot;background_slideshow_slide_transition&quot;:&quot;fade&quot;,&quot;background_slideshow_transition_duration&quot;:500}\">\n\t\t\t<div class=\"elementor-widget-wrap elementor-element-populated\">\n\t\t\t\t\t\t<div class=\"elementor-element elementor-element-84e364b elementor-widget elementor-widget-heading\" data-id=\"84e364b\" data-element_type=\"widget\" data-e-type=\"widget\" data-widget_type=\"heading.default\">\n\t\t\t\t<div class=\"elementor-widget-container\">\n\t\t\t\t\t<h2 class=\"elementor-heading-title elementor-size-default\">Sobre nosotros<\/h2>\t\t\t\t<\/div>\n\t\t\t\t<\/div>\n\t\t\t\t\t<\/div>\n\t\t<\/div>\n\t\t\t\t\t<\/div>\n\t\t<\/section>\n\t\t\t\t<section class=\"elementor-section elementor-top-section elementor-element elementor-element-2c499c5 elementor-section-boxed elementor-section-height-default elementor-section-height-default\" data-id=\"2c499c5\" data-element_type=\"section\" data-e-type=\"section\" id=\"hoezijnwebegonnen\" data-settings=\"{&quot;background_background&quot;:&quot;gradient&quot;}\">\n\t\t\t\t\t\t<div class=\"elementor-container elementor-column-gap-default\">\n\t\t\t\t\t<div class=\"elementor-column elementor-col-50 elementor-top-column elementor-element elementor-element-b7c4d37\" data-id=\"b7c4d37\" data-element_type=\"column\" data-e-type=\"column\">\n\t\t\t<div class=\"elementor-widget-wrap elementor-element-populated\">\n\t\t\t\t\t\t<div class=\"elementor-element elementor-element-d145709 elementor-widget elementor-widget-heading\" data-id=\"d145709\" data-element_type=\"widget\" data-e-type=\"widget\" data-widget_type=\"heading.default\">\n\t\t\t\t<div class=\"elementor-widget-container\">\n\t\t\t\t\t<h2 class=\"elementor-heading-title elementor-size-default\">C\u00f3mo empezamos?<\/h2>\t\t\t\t<\/div>\n\t\t\t\t<\/div>\n\t\t\t\t<div class=\"elementor-element elementor-element-b174bfa elementor-widget elementor-widget-text-editor\" data-id=\"b174bfa\" data-element_type=\"widget\" data-e-type=\"widget\" data-widget_type=\"text-editor.default\">\n\t\t\t\t<div class=\"elementor-widget-container\">\n\t\t\t\t\t\t\t\t\t<p>En julio de 2006, el voluntario Eddy Veldhuisen empez\u00f3 a jugar al f\u00fatbol con ni\u00f1os de la calle en &#8216;la ciudad de la eterna primavera&#8217;, Medell\u00edn, Colombia. Con el tiempo, un gran grupo de ni\u00f1os se uni\u00f3 y luego lleg\u00f3 la pregunta:<\/p><p>&#8216;Podr\u00edamos jugar f\u00fatbol en una competencia oficial?&#8217;<br \/>&#8216;Voy a hacer todo lo posible para ello, pero luego quiero que se inscriban en un hogar y vayan a la escuela&#8217;.<\/p><p>La mayor\u00eda de los ni\u00f1os estuvieron de acuerdo y as\u00ed, en 2007, empezamos con un equipo de ni\u00f1os y otro de ni\u00f1as en una competencia oficial.<\/p><p>El impacto de las actividades futbol\u00edsticas fue enorme. La peligrosa vida en las calles se cambi\u00f3 por un aula. En lugar de sobrevivir en la calle, los ni\u00f1os se preocupaban m\u00e1s por el pr\u00f3ximo partido.<\/p><p>&#8216;Contra qui\u00e9n tenemos que jugar el s\u00e1bado?&#8217;.<\/p><p>Los ni\u00f1os le dec\u00edan regularmente a Eddy que so\u00f1aban con convertirse en futbolistas profesionales.<\/p><p>&#8216;Eso es posible, pero hay que esforzarse. Ser puntuales, trabajar juntos, etc.&#8217;.<\/p><p>Estaba claro que est\u00e1bamos marcando la diferencia para estos ni\u00f1os y esto nos motiv\u00f3 a querer ayudar estructuralmente. La consecuencia l\u00f3gica fue la creaci\u00f3n de una Fundaci\u00f3n en Holanda en enero de 2008 y la Fundaci\u00f3n Caminos en 2009 con el objetivo de ofrecer a los ni\u00f1os, desfavorecidos por la pobreza, la violencia, el abandono, el acoso sexual y la adicci\u00f3n, la oportunidad de labrarse un futuro mejor.<\/p><p>Desde entonces, la fundaci\u00f3n se ha desarrollado enormemente, gracias al esfuerzo de buenos empleados y voluntarios. Los mismos voluntarios que desde entonces trabajaban para la fundaci\u00f3n en Medell\u00edn siguen activos desde Holanda, en estrecho contacto con los colaboradores de Medell\u00edn.<\/p>\t\t\t\t\t\t\t\t<\/div>\n\t\t\t\t<\/div>\n\t\t\t\t\t<\/div>\n\t\t<\/div>\n\t\t\t\t<div class=\"elementor-column elementor-col-50 elementor-top-column elementor-element elementor-element-719f762\" data-id=\"719f762\" data-element_type=\"column\" data-e-type=\"column\">\n\t\t\t<div class=\"elementor-widget-wrap elementor-element-populated\">\n\t\t\t\t\t\t<div class=\"elementor-element elementor-element-f823587 elementor-widget elementor-widget-image\" data-id=\"f823587\" data-element_type=\"widget\" data-e-type=\"widget\" data-widget_type=\"image.default\">\n\t\t\t\t<div class=\"elementor-widget-container\">\n\t\t\t\t\t\t\t\t\t\t\t\t\t\t\t<img fetchpriority=\"high\" decoding=\"async\" width=\"540\" height=\"361\" src=\"https:\/\/childrenofmedellin.com\/staging\/wp-content\/uploads\/2022\/01\/Diversen-5-1024x684.jpg\" class=\"attachment-large size-large wp-image-194\" alt=\"\" srcset=\"https:\/\/childrenofmedellin.com\/staging\/wp-content\/uploads\/2022\/01\/Diversen-5-1024x684.jpg 1024w, https:\/\/childrenofmedellin.com\/staging\/wp-content\/uploads\/2022\/01\/Diversen-5-300x200.jpg 300w, https:\/\/childrenofmedellin.com\/staging\/wp-content\/uploads\/2022\/01\/Diversen-5-768x513.jpg 768w, https:\/\/childrenofmedellin.com\/staging\/wp-content\/uploads\/2022\/01\/Diversen-5-1536x1026.jpg 1536w, https:\/\/childrenofmedellin.com\/staging\/wp-content\/uploads\/2022\/01\/Diversen-5-2048x1368.jpg 2048w\" sizes=\"(max-width: 540px) 100vw, 540px\" \/>\t\t\t\t\t\t\t\t\t\t\t\t\t\t\t<\/div>\n\t\t\t\t<\/div>\n\t\t\t\t<div class=\"elementor-element elementor-element-557a55b elementor-widget elementor-widget-image\" data-id=\"557a55b\" data-element_type=\"widget\" data-e-type=\"widget\" data-widget_type=\"image.default\">\n\t\t\t\t<div class=\"elementor-widget-container\">\n\t\t\t\t\t\t\t\t\t\t\t\t\t\t\t<img decoding=\"async\" width=\"540\" height=\"405\" src=\"https:\/\/childrenofmedellin.com\/staging\/wp-content\/uploads\/2022\/01\/Voetbal-14-1024x768.jpg\" class=\"attachment-large size-large wp-image-455\" alt=\"\" srcset=\"https:\/\/childrenofmedellin.com\/staging\/wp-content\/uploads\/2022\/01\/Voetbal-14-1024x768.jpg 1024w, https:\/\/childrenofmedellin.com\/staging\/wp-content\/uploads\/2022\/01\/Voetbal-14-300x225.jpg 300w, https:\/\/childrenofmedellin.com\/staging\/wp-content\/uploads\/2022\/01\/Voetbal-14-768x576.jpg 768w, https:\/\/childrenofmedellin.com\/staging\/wp-content\/uploads\/2022\/01\/Voetbal-14-1536x1152.jpg 1536w, https:\/\/childrenofmedellin.com\/staging\/wp-content\/uploads\/2022\/01\/Voetbal-14-2048x1536.jpg 2048w\" sizes=\"(max-width: 540px) 100vw, 540px\" \/>\t\t\t\t\t\t\t\t\t\t\t\t\t\t\t<\/div>\n\t\t\t\t<\/div>\n\t\t\t\t\t<\/div>\n\t\t<\/div>\n\t\t\t\t\t<\/div>\n\t\t<\/section>\n\t\t\t\t<section class=\"elementor-section elementor-top-section elementor-element elementor-element-2e52f35 elementor-section-boxed elementor-section-height-default elementor-section-height-default\" data-id=\"2e52f35\" data-element_type=\"section\" data-e-type=\"section\" id=\"waarstaanwenu\" data-settings=\"{&quot;background_background&quot;:&quot;gradient&quot;}\">\n\t\t\t\t\t\t<div class=\"elementor-container elementor-column-gap-default\">\n\t\t\t\t\t<div class=\"elementor-column elementor-col-50 elementor-top-column elementor-element elementor-element-401251d\" data-id=\"401251d\" data-element_type=\"column\" data-e-type=\"column\">\n\t\t\t<div class=\"elementor-widget-wrap elementor-element-populated\">\n\t\t\t\t\t\t<div class=\"elementor-element elementor-element-9af1cc6 elementor-widget elementor-widget-image\" data-id=\"9af1cc6\" data-element_type=\"widget\" data-e-type=\"widget\" data-widget_type=\"image.default\">\n\t\t\t\t<div class=\"elementor-widget-container\">\n\t\t\t\t\t\t\t\t\t\t\t\t\t\t\t<img decoding=\"async\" width=\"540\" height=\"360\" src=\"https:\/\/childrenofmedellin.com\/staging\/wp-content\/uploads\/2024\/05\/DSCF5352-1024x682.jpg\" class=\"attachment-large size-large wp-image-3200\" alt=\"\" srcset=\"https:\/\/childrenofmedellin.com\/staging\/wp-content\/uploads\/2024\/05\/DSCF5352-1024x682.jpg 1024w, https:\/\/childrenofmedellin.com\/staging\/wp-content\/uploads\/2024\/05\/DSCF5352-300x200.jpg 300w, https:\/\/childrenofmedellin.com\/staging\/wp-content\/uploads\/2024\/05\/DSCF5352-768x512.jpg 768w, https:\/\/childrenofmedellin.com\/staging\/wp-content\/uploads\/2024\/05\/DSCF5352-1536x1024.jpg 1536w, https:\/\/childrenofmedellin.com\/staging\/wp-content\/uploads\/2024\/05\/DSCF5352.jpg 2000w\" sizes=\"(max-width: 540px) 100vw, 540px\" \/>\t\t\t\t\t\t\t\t\t\t\t\t\t\t\t<\/div>\n\t\t\t\t<\/div>\n\t\t\t\t<div class=\"elementor-element elementor-element-a33c1ac elementor-widget elementor-widget-image\" data-id=\"a33c1ac\" data-element_type=\"widget\" data-e-type=\"widget\" data-widget_type=\"image.default\">\n\t\t\t\t<div class=\"elementor-widget-container\">\n\t\t\t\t\t\t\t\t\t\t\t\t\t\t\t<img loading=\"lazy\" decoding=\"async\" width=\"540\" height=\"360\" src=\"https:\/\/childrenofmedellin.com\/staging\/wp-content\/uploads\/2022\/01\/Lezen-en-schrijven-6-1024x683.jpg\" class=\"attachment-large size-large wp-image-341\" alt=\"\" srcset=\"https:\/\/childrenofmedellin.com\/staging\/wp-content\/uploads\/2022\/01\/Lezen-en-schrijven-6-1024x683.jpg 1024w, https:\/\/childrenofmedellin.com\/staging\/wp-content\/uploads\/2022\/01\/Lezen-en-schrijven-6-300x200.jpg 300w, https:\/\/childrenofmedellin.com\/staging\/wp-content\/uploads\/2022\/01\/Lezen-en-schrijven-6-768x512.jpg 768w, https:\/\/childrenofmedellin.com\/staging\/wp-content\/uploads\/2022\/01\/Lezen-en-schrijven-6-1536x1024.jpg 1536w, https:\/\/childrenofmedellin.com\/staging\/wp-content\/uploads\/2022\/01\/Lezen-en-schrijven-6-2048x1366.jpg 2048w\" sizes=\"(max-width: 540px) 100vw, 540px\" \/>\t\t\t\t\t\t\t\t\t\t\t\t\t\t\t<\/div>\n\t\t\t\t<\/div>\n\t\t\t\t\t<\/div>\n\t\t<\/div>\n\t\t\t\t<div class=\"elementor-column elementor-col-50 elementor-top-column elementor-element elementor-element-4a08e59\" data-id=\"4a08e59\" data-element_type=\"column\" data-e-type=\"column\">\n\t\t\t<div class=\"elementor-widget-wrap elementor-element-populated\">\n\t\t\t\t\t\t<div class=\"elementor-element elementor-element-4314f84 elementor-widget elementor-widget-heading\" data-id=\"4314f84\" data-element_type=\"widget\" data-e-type=\"widget\" data-widget_type=\"heading.default\">\n\t\t\t\t<div class=\"elementor-widget-container\">\n\t\t\t\t\t<h2 class=\"elementor-heading-title elementor-size-default\">D\u00f3nde estamos ahora?<\/h2>\t\t\t\t<\/div>\n\t\t\t\t<\/div>\n\t\t\t\t<div class=\"elementor-element elementor-element-ee13a7c elementor-widget elementor-widget-text-editor\" data-id=\"ee13a7c\" data-element_type=\"widget\" data-e-type=\"widget\" data-widget_type=\"text-editor.default\">\n\t\t\t\t<div class=\"elementor-widget-container\">\n\t\t\t\t\t\t\t\t\t<p>La fundaci\u00f3n cuenta con 29 empleados, incluidos dos holandeses. Actualmente, seis empleados de la fundaci\u00f3n provienen de nuestro propio programa. Yisela se gradu\u00f3 en deporte y recreaci\u00f3n, YanKarlo apoya en la administraci\u00f3n financiera, Juanes y Luis son entrenadores de f\u00fatbol y Sandra es nuestra videografa. Otros j\u00f3venes han completado sus estudios con el apoyo de la fundaci\u00f3n y tienen empleo formal en otros lugares.<\/p><p>M\u00e1s de 500 ni\u00f1os participan activamente en nuestras actividades y reciben tres veces por semana una pieza de fruta al finalizar una actividad. En total, hay 17 j\u00f3venes que actualmente est\u00e1n cursando estudios superiores. Estos j\u00f3venes reciben orientaci\u00f3n personalizada durante sus estudios y en la b\u00fasqueda de empleo formal, gracias a nuestra creciente red de empresas e instituciones comprometidas a brindar oportunidades a \u2018nuestros\u2019 j\u00f3venes.<\/p><p>Muchos de los ni\u00f1os que participan en nuestras actividades viven en extrema pobreza y est\u00e1n desnutridos. La fundaci\u00f3n conoce a los ni\u00f1os y sus situaciones, y elige qui\u00e9nes califican para el proyecto \u2018Plan padrino\u2019. Estas familias reciben un paquete de alimentos completo cada dos meses y, a veces, otras formas de apoyo, seg\u00fan sus necesidades individuales. Actualmente, la fundaci\u00f3n apoya a 60 familias.<\/p><p>Despu\u00e9s de a\u00f1os de colaboraci\u00f3n con los ni\u00f1os, vemos que est\u00e1n ganando m\u00e1s confianza en s\u00ed mismos. El n\u00famero de desertores escolares ha disminuido y cada vez m\u00e1s j\u00f3venes muestran inter\u00e9s en seguir estudios despu\u00e9s de la secundaria. Hay modelos de rol positivos para los ni\u00f1os, lo que contribuye a estos avances. Estas tendencias positivas est\u00e1n permitiendo que m\u00e1s j\u00f3venes tengan la oportunidad de encontrar empleo formal y finalmente romper el c\u00edrculo vicioso de la pobreza, el trabajo informal y la violencia.<\/p>\t\t\t\t\t\t\t\t<\/div>\n\t\t\t\t<\/div>\n\t\t\t\t\t<\/div>\n\t\t<\/div>\n\t\t\t\t\t<\/div>\n\t\t<\/section>\n\t\t\t\t<section class=\"elementor-section elementor-top-section elementor-element elementor-element-ed57da1 elementor-section-boxed elementor-section-height-default elementor-section-height-default\" data-id=\"ed57da1\" data-element_type=\"section\" data-e-type=\"section\" id=\"onzemissie\" data-settings=\"{&quot;background_background&quot;:&quot;gradient&quot;}\">\n\t\t\t\t\t\t<div class=\"elementor-container elementor-column-gap-default\">\n\t\t\t\t\t<div class=\"elementor-column elementor-col-50 elementor-top-column elementor-element elementor-element-1a1eabf\" data-id=\"1a1eabf\" data-element_type=\"column\" data-e-type=\"column\">\n\t\t\t<div class=\"elementor-widget-wrap elementor-element-populated\">\n\t\t\t\t\t\t<div class=\"elementor-element elementor-element-673c6f1 elementor-widget elementor-widget-heading\" data-id=\"673c6f1\" data-element_type=\"widget\" data-e-type=\"widget\" data-widget_type=\"heading.default\">\n\t\t\t\t<div class=\"elementor-widget-container\">\n\t\t\t\t\t<h2 class=\"elementor-heading-title elementor-size-default\">Nuestra misi\u00f3n, visi\u00f3n y objetivo<\/h2>\t\t\t\t<\/div>\n\t\t\t\t<\/div>\n\t\t\t\t<div class=\"elementor-element elementor-element-502d305 elementor-widget elementor-widget-text-editor\" data-id=\"502d305\" data-element_type=\"widget\" data-e-type=\"widget\" data-widget_type=\"text-editor.default\">\n\t\t\t\t<div class=\"elementor-widget-container\">\n\t\t\t\t\t\t\t\t\t<p><strong>Misi\u00f3n<\/strong><\/p><p>Cada ni\u00f1o, ni\u00f1a, joven y adolescente debe tener la oportunidad de desarrollarse, perseguir sus sue\u00f1os y trazar su propio curso hacia el futuro. Reconocemos que esta oportunidad no siempre est\u00e1 a su alcance. Por ello, la fundaci\u00f3n est\u00e1 comprometida activamente en apoyar y motivar a estos ni\u00f1os, ni\u00f1as, j\u00f3venes y adolescentes para que asuman responsabilidad por s\u00ed mismos, de modo que, independientemente de su origen o circunstancias, reciban las oportunidades que merecen.<\/p><p><strong>Visi\u00f3n<\/strong><\/p><p>Creemos firmemente que los ni\u00f1os, ni\u00f1as, adolescentes y j\u00f3venes son la clave para un futuro pr\u00f3spero, en este sentido nos esforzamos por crear un futuro en el cual no solo florezcan en su desarrollo personal, sino que tambi\u00e9n sean impulsores de cambios positivos en su entorno inmediato. Al invertir en la fuerza y el potencial de ni\u00f1os, ni\u00f1as, adolescentes y j\u00f3venes, queremos inspirar una comunidad en la que, como participantes esenciales, tengan un impacto sostenible en la mejora de la calidad de vida y el fortalecimiento de su propio entorno.<\/p><p><strong>Objetivo general<\/strong><\/p><p>Ofrecer a los ni\u00f1os, ni\u00f1as, adolescentes y j\u00f3venes afectados por m\u00faltiples vulnerabilidades un programa amplio de actividades deportivas, recreativas y culturales, educaci\u00f3n complementaria y acompa\u00f1amiento en cooperaci\u00f3n con la familia y la comunidad para ayudarles a descubrir sus pasiones y talentos, su proyecto de vida y a tener un impacto sostenible en su entorno.<\/p>\t\t\t\t\t\t\t\t<\/div>\n\t\t\t\t<\/div>\n\t\t\t\t\t<\/div>\n\t\t<\/div>\n\t\t\t\t<div class=\"elementor-column elementor-col-50 elementor-top-column elementor-element elementor-element-14e7f44\" data-id=\"14e7f44\" data-element_type=\"column\" data-e-type=\"column\">\n\t\t\t<div class=\"elementor-widget-wrap elementor-element-populated\">\n\t\t\t\t\t\t<div class=\"elementor-element elementor-element-f5a1561 elementor-widget elementor-widget-image\" data-id=\"f5a1561\" data-element_type=\"widget\" data-e-type=\"widget\" data-widget_type=\"image.default\">\n\t\t\t\t<div class=\"elementor-widget-container\">\n\t\t\t\t\t\t\t\t\t\t\t\t\t\t\t<img loading=\"lazy\" decoding=\"async\" width=\"540\" height=\"405\" src=\"https:\/\/childrenofmedellin.com\/staging\/wp-content\/uploads\/2022\/01\/Kinderen-4-1024x768.jpg\" class=\"attachment-large size-large wp-image-299\" alt=\"\" srcset=\"https:\/\/childrenofmedellin.com\/staging\/wp-content\/uploads\/2022\/01\/Kinderen-4-1024x768.jpg 1024w, https:\/\/childrenofmedellin.com\/staging\/wp-content\/uploads\/2022\/01\/Kinderen-4-300x225.jpg 300w, https:\/\/childrenofmedellin.com\/staging\/wp-content\/uploads\/2022\/01\/Kinderen-4-768x576.jpg 768w, https:\/\/childrenofmedellin.com\/staging\/wp-content\/uploads\/2022\/01\/Kinderen-4-1536x1152.jpg 1536w, https:\/\/childrenofmedellin.com\/staging\/wp-content\/uploads\/2022\/01\/Kinderen-4-2048x1536.jpg 2048w\" sizes=\"(max-width: 540px) 100vw, 540px\" \/>\t\t\t\t\t\t\t\t\t\t\t\t\t\t\t<\/div>\n\t\t\t\t<\/div>\n\t\t\t\t<div class=\"elementor-element elementor-element-4ed488a elementor-widget elementor-widget-image\" data-id=\"4ed488a\" data-element_type=\"widget\" data-e-type=\"widget\" data-widget_type=\"image.default\">\n\t\t\t\t<div class=\"elementor-widget-container\">\n\t\t\t\t\t\t\t\t\t\t\t\t\t\t\t<img loading=\"lazy\" decoding=\"async\" width=\"540\" height=\"304\" src=\"https:\/\/childrenofmedellin.com\/staging\/wp-content\/uploads\/2022\/01\/Studie-en-werk-3-1024x576.jpg\" class=\"attachment-large size-large wp-image-433\" alt=\"\" srcset=\"https:\/\/childrenofmedellin.com\/staging\/wp-content\/uploads\/2022\/01\/Studie-en-werk-3-1024x576.jpg 1024w, https:\/\/childrenofmedellin.com\/staging\/wp-content\/uploads\/2022\/01\/Studie-en-werk-3-300x169.jpg 300w, https:\/\/childrenofmedellin.com\/staging\/wp-content\/uploads\/2022\/01\/Studie-en-werk-3-768x432.jpg 768w, https:\/\/childrenofmedellin.com\/staging\/wp-content\/uploads\/2022\/01\/Studie-en-werk-3-1536x864.jpg 1536w, https:\/\/childrenofmedellin.com\/staging\/wp-content\/uploads\/2022\/01\/Studie-en-werk-3-2048x1152.jpg 2048w\" sizes=\"(max-width: 540px) 100vw, 540px\" \/>\t\t\t\t\t\t\t\t\t\t\t\t\t\t\t<\/div>\n\t\t\t\t<\/div>\n\t\t\t\t\t<\/div>\n\t\t<\/div>\n\t\t\t\t\t<\/div>\n\t\t<\/section>\n\t\t\t\t<section class=\"elementor-section elementor-top-section elementor-element elementor-element-44c288c elementor-section-boxed elementor-section-height-default elementor-section-height-default\" data-id=\"44c288c\" data-element_type=\"section\" data-e-type=\"section\" id=\"onzeorganisatie\" data-settings=\"{&quot;background_background&quot;:&quot;gradient&quot;}\">\n\t\t\t\t\t\t<div class=\"elementor-container elementor-column-gap-default\">\n\t\t\t\t\t<div class=\"elementor-column elementor-col-50 elementor-top-column elementor-element elementor-element-f1c671d\" data-id=\"f1c671d\" data-element_type=\"column\" data-e-type=\"column\">\n\t\t\t<div class=\"elementor-widget-wrap elementor-element-populated\">\n\t\t\t\t\t\t<div class=\"elementor-element elementor-element-511961c elementor-widget elementor-widget-image\" data-id=\"511961c\" data-element_type=\"widget\" data-e-type=\"widget\" data-widget_type=\"image.default\">\n\t\t\t\t<div class=\"elementor-widget-container\">\n\t\t\t\t\t\t\t\t\t\t\t\t\t\t\t<img loading=\"lazy\" decoding=\"async\" width=\"540\" height=\"210\" src=\"https:\/\/childrenofmedellin.com\/staging\/wp-content\/uploads\/2024\/05\/nuestra-organizacion-1024x399.jpg\" class=\"attachment-large size-large wp-image-3242\" alt=\"\" srcset=\"https:\/\/childrenofmedellin.com\/staging\/wp-content\/uploads\/2024\/05\/nuestra-organizacion-1024x399.jpg 1024w, https:\/\/childrenofmedellin.com\/staging\/wp-content\/uploads\/2024\/05\/nuestra-organizacion-300x117.jpg 300w, https:\/\/childrenofmedellin.com\/staging\/wp-content\/uploads\/2024\/05\/nuestra-organizacion-768x299.jpg 768w, https:\/\/childrenofmedellin.com\/staging\/wp-content\/uploads\/2024\/05\/nuestra-organizacion-1536x599.jpg 1536w, https:\/\/childrenofmedellin.com\/staging\/wp-content\/uploads\/2024\/05\/nuestra-organizacion-2048x798.jpg 2048w\" sizes=\"(max-width: 540px) 100vw, 540px\" \/>\t\t\t\t\t\t\t\t\t\t\t\t\t\t\t<\/div>\n\t\t\t\t<\/div>\n\t\t\t\t<div class=\"elementor-element elementor-element-a03126e elementor-widget elementor-widget-image\" data-id=\"a03126e\" data-element_type=\"widget\" data-e-type=\"widget\" data-widget_type=\"image.default\">\n\t\t\t\t<div class=\"elementor-widget-container\">\n\t\t\t\t\t\t\t\t\t\t\t\t\t\t\t<img loading=\"lazy\" decoding=\"async\" width=\"540\" height=\"405\" src=\"https:\/\/childrenofmedellin.com\/staging\/wp-content\/uploads\/2022\/01\/Studie-en-werk-4-1024x768.jpg\" class=\"attachment-large size-large wp-image-436\" alt=\"\" srcset=\"https:\/\/childrenofmedellin.com\/staging\/wp-content\/uploads\/2022\/01\/Studie-en-werk-4-1024x768.jpg 1024w, https:\/\/childrenofmedellin.com\/staging\/wp-content\/uploads\/2022\/01\/Studie-en-werk-4-300x225.jpg 300w, https:\/\/childrenofmedellin.com\/staging\/wp-content\/uploads\/2022\/01\/Studie-en-werk-4-768x576.jpg 768w, https:\/\/childrenofmedellin.com\/staging\/wp-content\/uploads\/2022\/01\/Studie-en-werk-4-1536x1152.jpg 1536w, https:\/\/childrenofmedellin.com\/staging\/wp-content\/uploads\/2022\/01\/Studie-en-werk-4-2048x1536.jpg 2048w\" sizes=\"(max-width: 540px) 100vw, 540px\" \/>\t\t\t\t\t\t\t\t\t\t\t\t\t\t\t<\/div>\n\t\t\t\t<\/div>\n\t\t\t\t\t<\/div>\n\t\t<\/div>\n\t\t\t\t<div class=\"elementor-column elementor-col-50 elementor-top-column elementor-element elementor-element-a29ade0\" data-id=\"a29ade0\" data-element_type=\"column\" data-e-type=\"column\">\n\t\t\t<div class=\"elementor-widget-wrap elementor-element-populated\">\n\t\t\t\t\t\t<div class=\"elementor-element elementor-element-b8c6c89 elementor-widget elementor-widget-heading\" data-id=\"b8c6c89\" data-element_type=\"widget\" data-e-type=\"widget\" data-widget_type=\"heading.default\">\n\t\t\t\t<div class=\"elementor-widget-container\">\n\t\t\t\t\t<h2 class=\"elementor-heading-title elementor-size-default\">Nuestra organizaci\u00f3n<\/h2>\t\t\t\t<\/div>\n\t\t\t\t<\/div>\n\t\t\t\t<div class=\"elementor-element elementor-element-735db6d elementor-widget elementor-widget-text-editor\" data-id=\"735db6d\" data-element_type=\"widget\" data-e-type=\"widget\" data-widget_type=\"text-editor.default\">\n\t\t\t\t<div class=\"elementor-widget-container\">\n\t\t\t\t\t\t\t\t\t<p><strong>Fundaci\u00f3n Caminos<\/strong><\/p><p>La Fundaci\u00f3n Caminos de Medell\u00edn est\u00e1 conformada por una junta directiva de tres personas y un revisor fiscal. Los miembros de la junta no reciben ninguna remuneraci\u00f3n por su trabajo. El revisor fiscal y los empleados que organizan las actividades reciben un salario.<\/p><p>Presidente: Eddy Veldhuisen<br \/>Vicepresidenta: M\u00f3nica Trujillo Valencia<br \/>Secretaria: Adriana Mar\u00eda Trujillo Valencia<\/p><p>En Colombia tenemos un equipo de 28 empleados, 27 de ellos son colombianos y la holandesa Sabine Bouwmeester.<\/p><p><strong>Children of Medell\u00edn<\/strong><\/p><p>La fundaci\u00f3n holandesa Children of Medell\u00edn y la Fundaci\u00f3n Caminos trabajan en estrecha colaboraci\u00f3n. Tienen un logotipo similar, los mismos objetivos y una gesti\u00f3n financiera conjunta. Hay contacto cercano entre los colaboradores en Medell\u00edn y la junta directiva en Holanda. Este contacto garantiza la claridad en el desarrollo de los prop\u00f3sitos y objetivos.<\/p>\t\t\t\t\t\t\t\t<\/div>\n\t\t\t\t<\/div>\n\t\t\t\t\t<\/div>\n\t\t<\/div>\n\t\t\t\t\t<\/div>\n\t\t<\/section>\n\t\t\t\t<section class=\"elementor-section elementor-top-section elementor-element elementor-element-29b7bde elementor-section-boxed elementor-section-height-default elementor-section-height-default\" data-id=\"29b7bde\" data-element_type=\"section\" data-e-type=\"section\" id=\"vrijwilligers\" data-settings=\"{&quot;background_background&quot;:&quot;gradient&quot;}\">\n\t\t\t\t\t\t<div class=\"elementor-container elementor-column-gap-default\">\n\t\t\t\t\t<div class=\"elementor-column elementor-col-50 elementor-top-column elementor-element elementor-element-e450d21\" data-id=\"e450d21\" data-element_type=\"column\" data-e-type=\"column\">\n\t\t\t<div class=\"elementor-widget-wrap elementor-element-populated\">\n\t\t\t\t\t\t<div class=\"elementor-element elementor-element-c3645c1 elementor-widget elementor-widget-heading\" data-id=\"c3645c1\" data-element_type=\"widget\" data-e-type=\"widget\" data-widget_type=\"heading.default\">\n\t\t\t\t<div class=\"elementor-widget-container\">\n\t\t\t\t\t<h2 class=\"elementor-heading-title elementor-size-default\">Voluntarios<\/h2>\t\t\t\t<\/div>\n\t\t\t\t<\/div>\n\t\t\t\t<div class=\"elementor-element elementor-element-ee5b6b9 elementor-widget elementor-widget-text-editor\" data-id=\"ee5b6b9\" data-element_type=\"widget\" data-e-type=\"widget\" data-widget_type=\"text-editor.default\">\n\t\t\t\t<div class=\"elementor-widget-container\">\n\t\t\t\t\t\t\t\t\t<p>La Fundaci\u00f3n Caminos se construy\u00f3 con voluntarios y caras nuevas siempre ser\u00edan bienvenidas. Hay voluntarios locales estrechamente involucrados que se encargan de tareas concretas.<\/p><p>Daniel Jim\u00e9nez, abogado. <br \/>Cristi\u00e1n Camilo Molina Pab\u00f3n, entrenador de arqueros.<\/p><p>En Colombia, regularmente voluntarios de diferentes pa\u00edses vienen a Medell\u00edn para ayudar a la fundaci\u00f3n. En funci\u00f3n de su disponibilidad, nivel de espa\u00f1ol, intereses y motivaci\u00f3n, decidimos juntos c\u00f3mo pueden contribuir.<\/p>\t\t\t\t\t\t\t\t<\/div>\n\t\t\t\t<\/div>\n\t\t\t\t\t<\/div>\n\t\t<\/div>\n\t\t\t\t<div class=\"elementor-column elementor-col-50 elementor-top-column elementor-element elementor-element-f190e5b\" data-id=\"f190e5b\" data-element_type=\"column\" data-e-type=\"column\">\n\t\t\t<div class=\"elementor-widget-wrap elementor-element-populated\">\n\t\t\t\t\t\t<div class=\"elementor-element elementor-element-affa536 elementor-widget elementor-widget-image\" data-id=\"affa536\" data-element_type=\"widget\" data-e-type=\"widget\" data-widget_type=\"image.default\">\n\t\t\t\t<div class=\"elementor-widget-container\">\n\t\t\t\t\t\t\t\t\t\t\t\t\t\t\t<img loading=\"lazy\" decoding=\"async\" width=\"540\" height=\"405\" src=\"https:\/\/childrenofmedellin.com\/staging\/wp-content\/uploads\/2023\/03\/Voluntarios-2-1024x768.jpg\" class=\"attachment-large size-large wp-image-2784\" alt=\"\" srcset=\"https:\/\/childrenofmedellin.com\/staging\/wp-content\/uploads\/2023\/03\/Voluntarios-2-1024x768.jpg 1024w, https:\/\/childrenofmedellin.com\/staging\/wp-content\/uploads\/2023\/03\/Voluntarios-2-300x225.jpg 300w, https:\/\/childrenofmedellin.com\/staging\/wp-content\/uploads\/2023\/03\/Voluntarios-2-768x576.jpg 768w, https:\/\/childrenofmedellin.com\/staging\/wp-content\/uploads\/2023\/03\/Voluntarios-2-1536x1152.jpg 1536w, https:\/\/childrenofmedellin.com\/staging\/wp-content\/uploads\/2023\/03\/Voluntarios-2-2048x1536.jpg 2048w\" sizes=\"(max-width: 540px) 100vw, 540px\" \/>\t\t\t\t\t\t\t\t\t\t\t\t\t\t\t<\/div>\n\t\t\t\t<\/div>\n\t\t\t\t\t<\/div>\n\t\t<\/div>\n\t\t\t\t\t<\/div>\n\t\t<\/section>\n\t\t\t\t<section class=\"elementor-section elementor-top-section elementor-element elementor-element-92f8808 elementor-section-boxed elementor-section-height-default elementor-section-height-default\" data-id=\"92f8808\" data-element_type=\"section\" data-e-type=\"section\" id=\"adviseurs\" data-settings=\"{&quot;background_background&quot;:&quot;gradient&quot;}\">\n\t\t\t\t\t\t<div class=\"elementor-container elementor-column-gap-default\">\n\t\t\t\t\t<div class=\"elementor-column elementor-col-50 elementor-top-column elementor-element elementor-element-63627cb\" data-id=\"63627cb\" data-element_type=\"column\" data-e-type=\"column\">\n\t\t\t<div class=\"elementor-widget-wrap elementor-element-populated\">\n\t\t\t\t\t\t<div class=\"elementor-element elementor-element-e233ce2 elementor-widget elementor-widget-image\" data-id=\"e233ce2\" data-element_type=\"widget\" data-e-type=\"widget\" data-widget_type=\"image.default\">\n\t\t\t\t<div class=\"elementor-widget-container\">\n\t\t\t\t\t\t\t\t\t\t\t\t\t\t\t<img loading=\"lazy\" decoding=\"async\" width=\"540\" height=\"290\" src=\"https:\/\/childrenofmedellin.com\/staging\/wp-content\/uploads\/2024\/05\/Musica-Sarare-1024x550.jpg\" class=\"attachment-large size-large wp-image-3245\" alt=\"\" srcset=\"https:\/\/childrenofmedellin.com\/staging\/wp-content\/uploads\/2024\/05\/Musica-Sarare-1024x550.jpg 1024w, https:\/\/childrenofmedellin.com\/staging\/wp-content\/uploads\/2024\/05\/Musica-Sarare-300x161.jpg 300w, https:\/\/childrenofmedellin.com\/staging\/wp-content\/uploads\/2024\/05\/Musica-Sarare-768x412.jpg 768w, https:\/\/childrenofmedellin.com\/staging\/wp-content\/uploads\/2024\/05\/Musica-Sarare.jpg 1440w\" sizes=\"(max-width: 540px) 100vw, 540px\" \/>\t\t\t\t\t\t\t\t\t\t\t\t\t\t\t<\/div>\n\t\t\t\t<\/div>\n\t\t\t\t\t<\/div>\n\t\t<\/div>\n\t\t\t\t<div class=\"elementor-column elementor-col-50 elementor-top-column elementor-element elementor-element-4b9c879\" data-id=\"4b9c879\" data-element_type=\"column\" data-e-type=\"column\">\n\t\t\t<div class=\"elementor-widget-wrap elementor-element-populated\">\n\t\t\t\t\t\t<div class=\"elementor-element elementor-element-33a36f3 elementor-widget elementor-widget-heading\" data-id=\"33a36f3\" data-element_type=\"widget\" data-e-type=\"widget\" data-widget_type=\"heading.default\">\n\t\t\t\t<div class=\"elementor-widget-container\">\n\t\t\t\t\t<h2 class=\"elementor-heading-title elementor-size-default\">Asesores<\/h2>\t\t\t\t<\/div>\n\t\t\t\t<\/div>\n\t\t\t\t<div class=\"elementor-element elementor-element-6f4f922 elementor-widget elementor-widget-text-editor\" data-id=\"6f4f922\" data-element_type=\"widget\" data-e-type=\"widget\" data-widget_type=\"text-editor.default\">\n\t\t\t\t<div class=\"elementor-widget-container\">\n\t\t\t\t\t\t\t\t\t<p>La fundaci\u00f3n es ambiciosa y le gusta ser asesorada por personas con conocimientos. Se agradece el uso de personas involucradas que siempre est\u00e1n dispuestas a ayudarnos m\u00e1s.<\/p><p>Sandra Gaviria, profesora y psic\u00f3loga.<br \/>Cesar Zapata, gobernaci\u00f3n.<br \/>Ren\u00e9 Hartman, ICT.<\/p>\t\t\t\t\t\t\t\t<\/div>\n\t\t\t\t<\/div>\n\t\t\t\t\t<\/div>\n\t\t<\/div>\n\t\t\t\t\t<\/div>\n\t\t<\/section>\n\t\t\t\t<\/div>\n\t\t","protected":false},"excerpt":{"rendered":"<p>Sobre nosotros C\u00f3mo empezamos? En julio de 2006, el voluntario Eddy Veldhuisen empez\u00f3 a jugar al f\u00fatbol con ni\u00f1os de la calle en &#8216;la ciudad de la eterna primavera&#8217;, Medell\u00edn, Colombia. Con el tiempo, un gran grupo de ni\u00f1os se uni\u00f3 y luego lleg\u00f3 la pregunta: &#8216;Podr\u00edamos jugar f\u00fatbol en una competencia oficial?&#8217;&#8216;Voy a hacer &hellip;<\/p>\n","protected":false},"author":3,"featured_media":0,"parent":0,"menu_order":0,"comment_status":"closed","ping_status":"closed","template":"","meta":{"inline_featured_image":false,"footnotes":"","_links_to":"","_links_to_target":""},"class_list":["post-1649","page","type-page","status-publish","hentry"],"_links":{"self":[{"href":"https:\/\/childrenofmedellin.com\/staging\/wp-json\/wp\/v2\/pages\/1649","targetHints":{"allow":["GET"]}}],"collection":[{"href":"https:\/\/childrenofmedellin.com\/staging\/wp-json\/wp\/v2\/pages"}],"about":[{"href":"https:\/\/childrenofmedellin.com\/staging\/wp-json\/wp\/v2\/types\/page"}],"author":[{"embeddable":true,"href":"https:\/\/childrenofmedellin.com\/staging\/wp-json\/wp\/v2\/users\/3"}],"replies":[{"embeddable":true,"href":"https:\/\/childrenofmedellin.com\/staging\/wp-json\/wp\/v2\/comments?post=1649"}],"version-history":[{"count":59,"href":"https:\/\/childrenofmedellin.com\/staging\/wp-json\/wp\/v2\/pages\/1649\/revisions"}],"predecessor-version":[{"id":4397,"href":"https:\/\/childrenofmedellin.com\/staging\/wp-json\/wp\/v2\/pages\/1649\/revisions\/4397"}],"wp:attachment":[{"href":"https:\/\/childrenofmedellin.com\/staging\/wp-json\/wp\/v2\/media?parent=1649"}],"curies":[{"name":"wp","href":"https:\/\/api.w.org\/{rel}","templated":true}]}}