{"id":1624,"date":"2022-02-09T12:57:37","date_gmt":"2022-02-09T12:57:37","guid":{"rendered":"https:\/\/www.childrenofmedellin.comactividades\/liderazgo-en-mi-comunidad\/"},"modified":"2024-06-12T19:32:28","modified_gmt":"2024-06-12T19:32:28","slug":"liderazgo-en-mi-comunidad","status":"publish","type":"page","link":"https:\/\/childrenofmedellin.com\/staging\/actividades\/liderazgo-en-mi-comunidad\/?lang=es","title":{"rendered":"Liderazgo en mi comunidad"},"content":{"rendered":"\t\t<div data-elementor-type=\"wp-page\" data-elementor-id=\"1624\" class=\"elementor elementor-1624 elementor-1065\" data-elementor-post-type=\"page\">\n\t\t\t\t\t\t<section class=\"elementor-section elementor-top-section elementor-element elementor-element-90f0953 elementor-section-height-min-height elementor-section-boxed elementor-section-height-default elementor-section-items-middle\" data-id=\"90f0953\" data-element_type=\"section\" data-e-type=\"section\">\n\t\t\t\t\t\t\t<div class=\"elementor-background-overlay\"><\/div>\n\t\t\t\t\t\t\t<div class=\"elementor-container elementor-column-gap-default\">\n\t\t\t\t\t<div class=\"elementor-column elementor-col-100 elementor-top-column elementor-element elementor-element-549c09e\" data-id=\"549c09e\" data-element_type=\"column\" data-e-type=\"column\">\n\t\t\t<div class=\"elementor-widget-wrap elementor-element-populated\">\n\t\t\t\t\t\t<div class=\"elementor-element elementor-element-94ef50a elementor-widget elementor-widget-heading\" data-id=\"94ef50a\" data-element_type=\"widget\" data-e-type=\"widget\" data-widget_type=\"heading.default\">\n\t\t\t\t<div class=\"elementor-widget-container\">\n\t\t\t\t\t<h2 class=\"elementor-heading-title elementor-size-default\">Liderazgo en mi comunidad<\/h2>\t\t\t\t<\/div>\n\t\t\t\t<\/div>\n\t\t\t\t\t<\/div>\n\t\t<\/div>\n\t\t\t\t\t<\/div>\n\t\t<\/section>\n\t\t\t\t<section class=\"elementor-section elementor-top-section elementor-element elementor-element-ecb3c47 elementor-section-boxed elementor-section-height-default elementor-section-height-default\" data-id=\"ecb3c47\" data-element_type=\"section\" data-e-type=\"section\" data-settings=\"{&quot;background_background&quot;:&quot;gradient&quot;}\">\n\t\t\t\t\t\t<div class=\"elementor-container elementor-column-gap-default\">\n\t\t\t\t\t<div class=\"elementor-column elementor-col-100 elementor-top-column elementor-element elementor-element-19be056\" data-id=\"19be056\" data-element_type=\"column\" data-e-type=\"column\">\n\t\t\t<div class=\"elementor-widget-wrap elementor-element-populated\">\n\t\t\t\t\t\t<div class=\"elementor-element elementor-element-c888347 elementor-widget elementor-widget-text-editor\" data-id=\"c888347\" data-element_type=\"widget\" data-e-type=\"widget\" data-widget_type=\"text-editor.default\">\n\t\t\t\t<div class=\"elementor-widget-container\">\n\t\t\t\t\t\t\t\t\t<p>La Fundaci\u00f3n Caminos logra estimular el liderazgo en cada ni\u00f1o. Lo hacemos en todas las actividades, pero adem\u00e1s, en el programa &#8220;Liderazgo en mi comunidad&#8221; prestamos especial atenci\u00f3n a esto.  Los &#8220;l\u00edderes&#8221; se re\u00fanen para desarrollar proyectos con el objetivo de hacer m\u00e1s habitable su barrio<\/p>\t\t\t\t\t\t\t\t<\/div>\n\t\t\t\t<\/div>\n\t\t\t\t\t<\/div>\n\t\t<\/div>\n\t\t\t\t\t<\/div>\n\t\t<\/section>\n\t\t\t\t<\/div>\n\t\t","protected":false},"excerpt":{"rendered":"<p>Liderazgo en mi comunidad La Fundaci\u00f3n Caminos logra estimular el liderazgo en cada ni\u00f1o. Lo hacemos en todas las actividades, pero adem\u00e1s, en el programa &#8220;Liderazgo en mi comunidad&#8221; prestamos especial atenci\u00f3n a esto. Los &#8220;l\u00edderes&#8221; se re\u00fanen para desarrollar proyectos con el objetivo de hacer m\u00e1s habitable su barrio<\/p>\n","protected":false},"author":3,"featured_media":0,"parent":1592,"menu_order":0,"comment_status":"closed","ping_status":"closed","template":"","meta":{"inline_featured_image":false,"footnotes":"","_links_to":"","_links_to_target":""},"class_list":["post-1624","page","type-page","status-publish","hentry"],"_links":{"self":[{"href":"https:\/\/childrenofmedellin.com\/staging\/wp-json\/wp\/v2\/pages\/1624","targetHints":{"allow":["GET"]}}],"collection":[{"href":"https:\/\/childrenofmedellin.com\/staging\/wp-json\/wp\/v2\/pages"}],"about":[{"href":"https:\/\/childrenofmedellin.com\/staging\/wp-json\/wp\/v2\/types\/page"}],"author":[{"embeddable":true,"href":"https:\/\/childrenofmedellin.com\/staging\/wp-json\/wp\/v2\/users\/3"}],"replies":[{"embeddable":true,"href":"https:\/\/childrenofmedellin.com\/staging\/wp-json\/wp\/v2\/comments?post=1624"}],"version-history":[{"count":9,"href":"https:\/\/childrenofmedellin.com\/staging\/wp-json\/wp\/v2\/pages\/1624\/revisions"}],"predecessor-version":[{"id":4481,"href":"https:\/\/childrenofmedellin.com\/staging\/wp-json\/wp\/v2\/pages\/1624\/revisions\/4481"}],"up":[{"embeddable":true,"href":"https:\/\/childrenofmedellin.com\/staging\/wp-json\/wp\/v2\/pages\/1592"}],"wp:attachment":[{"href":"https:\/\/childrenofmedellin.com\/staging\/wp-json\/wp\/v2\/media?parent=1624"}],"curies":[{"name":"wp","href":"https:\/\/api.w.org\/{rel}","templated":true}]}}