{"id":1602,"date":"2022-02-09T12:29:17","date_gmt":"2022-02-09T12:29:17","guid":{"rendered":"https:\/\/www.childrenofmedellin.comactividades\/grupo-musical-sarare\/"},"modified":"2024-06-12T19:21:24","modified_gmt":"2024-06-12T19:21:24","slug":"grupo-musical-sarare","status":"publish","type":"page","link":"https:\/\/childrenofmedellin.com\/staging\/actividades\/grupo-musical-sarare\/?lang=es","title":{"rendered":"Grupo musical Sarar\u00e9"},"content":{"rendered":"\t\t<div data-elementor-type=\"wp-page\" data-elementor-id=\"1602\" class=\"elementor elementor-1602 elementor-995\" data-elementor-post-type=\"page\">\n\t\t\t\t\t\t<section class=\"elementor-section elementor-top-section elementor-element elementor-element-f0395d3 elementor-section-height-min-height elementor-section-boxed elementor-section-height-default elementor-section-items-middle\" data-id=\"f0395d3\" data-element_type=\"section\" data-e-type=\"section\">\n\t\t\t\t\t\t\t<div class=\"elementor-background-overlay\"><\/div>\n\t\t\t\t\t\t\t<div class=\"elementor-container elementor-column-gap-default\">\n\t\t\t\t\t<div class=\"elementor-column elementor-col-100 elementor-top-column elementor-element elementor-element-5ae0a09\" data-id=\"5ae0a09\" data-element_type=\"column\" data-e-type=\"column\">\n\t\t\t<div class=\"elementor-widget-wrap elementor-element-populated\">\n\t\t\t\t\t\t<div class=\"elementor-element elementor-element-ec48d68 elementor-widget elementor-widget-heading\" data-id=\"ec48d68\" data-element_type=\"widget\" data-e-type=\"widget\" data-widget_type=\"heading.default\">\n\t\t\t\t<div class=\"elementor-widget-container\">\n\t\t\t\t\t<h2 class=\"elementor-heading-title elementor-size-default\">Grupo musical Sarar\u00e9<\/h2>\t\t\t\t<\/div>\n\t\t\t\t<\/div>\n\t\t\t\t\t<\/div>\n\t\t<\/div>\n\t\t\t\t\t<\/div>\n\t\t<\/section>\n\t\t\t\t<section class=\"elementor-section elementor-top-section elementor-element elementor-element-05bc6c4 elementor-section-boxed elementor-section-height-default elementor-section-height-default\" data-id=\"05bc6c4\" data-element_type=\"section\" data-e-type=\"section\" data-settings=\"{&quot;background_background&quot;:&quot;gradient&quot;}\">\n\t\t\t\t\t\t<div class=\"elementor-container elementor-column-gap-default\">\n\t\t\t\t\t<div class=\"elementor-column elementor-col-100 elementor-top-column elementor-element elementor-element-1a7cfda\" data-id=\"1a7cfda\" data-element_type=\"column\" data-e-type=\"column\">\n\t\t\t<div class=\"elementor-widget-wrap elementor-element-populated\">\n\t\t\t\t\t\t<div class=\"elementor-element elementor-element-616d1cf elementor-widget elementor-widget-text-editor\" data-id=\"616d1cf\" data-element_type=\"widget\" data-e-type=\"widget\" data-widget_type=\"text-editor.default\">\n\t\t\t\t<div class=\"elementor-widget-container\">\n\t\t\t\t\t\t\t\t\t<p>Tres veces por semana, un total de 50 ni\u00f1os reciben clases de m\u00fasica en nuestra sede \u2018El Para\u00edso\u2019. Los ni\u00f1os reciben clases en grupos de tres niveles y crean sus propias canciones. Regularmente, el grupo hace una presentaci\u00f3n con un concierto al final del a\u00f1o. E incluso hay un CD con sus propios trabajos, llamado &#8216;Amor Bonito&#8217;.<\/p>\t\t\t\t\t\t\t\t<\/div>\n\t\t\t\t<\/div>\n\t\t\t\t\t<\/div>\n\t\t<\/div>\n\t\t\t\t\t<\/div>\n\t\t<\/section>\n\t\t\t\t<\/div>\n\t\t","protected":false},"excerpt":{"rendered":"<p>Grupo musical Sarar\u00e9 Tres veces por semana, un total de 50 ni\u00f1os reciben clases de m\u00fasica en nuestra sede \u2018El Para\u00edso\u2019. Los ni\u00f1os reciben clases en grupos de tres niveles y crean sus propias canciones. Regularmente, el grupo hace una presentaci\u00f3n con un concierto al final del a\u00f1o. E incluso hay un CD con sus &hellip;<\/p>\n","protected":false},"author":3,"featured_media":0,"parent":1592,"menu_order":5,"comment_status":"closed","ping_status":"closed","template":"","meta":{"inline_featured_image":false,"footnotes":"","_links_to":"","_links_to_target":""},"class_list":["post-1602","page","type-page","status-publish","hentry"],"_links":{"self":[{"href":"https:\/\/childrenofmedellin.com\/staging\/wp-json\/wp\/v2\/pages\/1602","targetHints":{"allow":["GET"]}}],"collection":[{"href":"https:\/\/childrenofmedellin.com\/staging\/wp-json\/wp\/v2\/pages"}],"about":[{"href":"https:\/\/childrenofmedellin.com\/staging\/wp-json\/wp\/v2\/types\/page"}],"author":[{"embeddable":true,"href":"https:\/\/childrenofmedellin.com\/staging\/wp-json\/wp\/v2\/users\/3"}],"replies":[{"embeddable":true,"href":"https:\/\/childrenofmedellin.com\/staging\/wp-json\/wp\/v2\/comments?post=1602"}],"version-history":[{"count":12,"href":"https:\/\/childrenofmedellin.com\/staging\/wp-json\/wp\/v2\/pages\/1602\/revisions"}],"predecessor-version":[{"id":4433,"href":"https:\/\/childrenofmedellin.com\/staging\/wp-json\/wp\/v2\/pages\/1602\/revisions\/4433"}],"up":[{"embeddable":true,"href":"https:\/\/childrenofmedellin.com\/staging\/wp-json\/wp\/v2\/pages\/1592"}],"wp:attachment":[{"href":"https:\/\/childrenofmedellin.com\/staging\/wp-json\/wp\/v2\/media?parent=1602"}],"curies":[{"name":"wp","href":"https:\/\/api.w.org\/{rel}","templated":true}]}}