{"id":12,"date":"2022-01-07T13:05:23","date_gmt":"2022-01-07T13:05:23","guid":{"rendered":"https:\/\/www.childrenofmedellin.com?page_id=12"},"modified":"2024-06-12T10:00:43","modified_gmt":"2024-06-12T10:00:43","slug":"over-ons","status":"publish","type":"page","link":"https:\/\/childrenofmedellin.com\/staging\/over-ons\/","title":{"rendered":"Over ons"},"content":{"rendered":"\t\t<div data-elementor-type=\"wp-page\" data-elementor-id=\"12\" class=\"elementor elementor-12\" data-elementor-post-type=\"page\">\n\t\t\t\t\t\t<section class=\"elementor-section elementor-top-section elementor-element elementor-element-f4b8572 elementor-section-height-min-height elementor-section-boxed elementor-section-height-default elementor-section-items-middle\" data-id=\"f4b8572\" data-element_type=\"section\" data-e-type=\"section\" data-settings=\"{&quot;background_background&quot;:&quot;slideshow&quot;,&quot;background_slideshow_gallery&quot;:[],&quot;background_slideshow_loop&quot;:&quot;yes&quot;,&quot;background_slideshow_slide_duration&quot;:5000,&quot;background_slideshow_slide_transition&quot;:&quot;fade&quot;,&quot;background_slideshow_transition_duration&quot;:500}\">\n\t\t\t\t\t\t\t<div class=\"elementor-background-overlay\"><\/div>\n\t\t\t\t\t\t\t<div class=\"elementor-container elementor-column-gap-default\">\n\t\t\t\t\t<div class=\"elementor-column elementor-col-100 elementor-top-column elementor-element elementor-element-4923b86\" data-id=\"4923b86\" data-element_type=\"column\" data-e-type=\"column\" data-settings=\"{&quot;background_background&quot;:&quot;slideshow&quot;,&quot;background_slideshow_gallery&quot;:[],&quot;background_slideshow_loop&quot;:&quot;yes&quot;,&quot;background_slideshow_slide_duration&quot;:5000,&quot;background_slideshow_slide_transition&quot;:&quot;fade&quot;,&quot;background_slideshow_transition_duration&quot;:500}\">\n\t\t\t<div class=\"elementor-widget-wrap elementor-element-populated\">\n\t\t\t\t\t\t<div class=\"elementor-element elementor-element-fa10484 elementor-widget elementor-widget-heading\" data-id=\"fa10484\" data-element_type=\"widget\" data-e-type=\"widget\" data-widget_type=\"heading.default\">\n\t\t\t\t<div class=\"elementor-widget-container\">\n\t\t\t\t\t<h2 class=\"elementor-heading-title elementor-size-default\">Over ons<\/h2>\t\t\t\t<\/div>\n\t\t\t\t<\/div>\n\t\t\t\t\t<\/div>\n\t\t<\/div>\n\t\t\t\t\t<\/div>\n\t\t<\/section>\n\t\t\t\t<section class=\"elementor-section elementor-top-section elementor-element elementor-element-2c499c5 elementor-section-boxed elementor-section-height-default elementor-section-height-default\" data-id=\"2c499c5\" data-element_type=\"section\" data-e-type=\"section\" id=\"hoezijnwebegonnen\" data-settings=\"{&quot;background_background&quot;:&quot;gradient&quot;}\">\n\t\t\t\t\t\t<div class=\"elementor-container elementor-column-gap-default\">\n\t\t\t\t\t<div class=\"elementor-column elementor-col-50 elementor-top-column elementor-element elementor-element-b7c4d37\" data-id=\"b7c4d37\" data-element_type=\"column\" data-e-type=\"column\">\n\t\t\t<div class=\"elementor-widget-wrap elementor-element-populated\">\n\t\t\t\t\t\t<div class=\"elementor-element elementor-element-d145709 elementor-widget elementor-widget-heading\" data-id=\"d145709\" data-element_type=\"widget\" data-e-type=\"widget\" data-widget_type=\"heading.default\">\n\t\t\t\t<div class=\"elementor-widget-container\">\n\t\t\t\t\t<h2 class=\"elementor-heading-title elementor-size-default\">Hoe zijn we begonnen?<\/h2>\t\t\t\t<\/div>\n\t\t\t\t<\/div>\n\t\t\t\t<div class=\"elementor-element elementor-element-b174bfa elementor-widget elementor-widget-text-editor\" data-id=\"b174bfa\" data-element_type=\"widget\" data-e-type=\"widget\" data-widget_type=\"text-editor.default\">\n\t\t\t\t<div class=\"elementor-widget-container\">\n\t\t\t\t\t\t\t\t\t<p>In juli 2006 is Eddy Veldhuisen als vrijwilliger begonnen met voetballen op straat met straatkinderen in \u2018de stad van de eeuwige lente\u2019 Medell\u00edn, Colombia. Uiteindelijk deed een grote groep kinderen structureel mee en kwam de vraag:<\/p><p>\u201cZouden we kunnen voetballen in een offici\u00eble competitie?\u201d<br \/>\u201cDaar wil ik mijn best voor doen, maar dan wil ik dat jullie verblijven in een tehuis en naar school gaan.\u201d<\/p><p>De meeste kinderen gingen hiermee akkoord en zo zijn we in 2007 met \u00e9\u00e9n jongens- en \u00e9\u00e9n meisjesteam begonnen in een offici\u00eble competitie.<\/p><p>De impact van de voetbalactiviteiten was enorm. Het gevaarlijke leven op straat werd verruild voor een klaslokaal. In plaats van overleven op straat hielden de kinderen zich bezig met de volgende wedstrijd.<\/p><p>\u201cTegen wie moeten we zaterdag spelen?\u201d<\/p><p>De kinderen vertelden Eddy regelmatig dat ze ervan droomden om profvoetballer te worden.<\/p><p>\u201cDat is mogelijk, maar dan moet je wel flink je best doen. Op tijd komen, samenwerken, enzovoorts.\u201d<\/p><p>Het was duidelijk dat we het verschil maakten voor deze kinderen en dit motiveerde om structureel te willen helpen. Het logische gevolg was de oprichting van de stichting Straatkinderen Medell\u00edn in januari 2008 met als doel om kinderen, achtergesteld door armoede, (huiselijk) geweld, verwaarlozing, seksuele intimidatie en verslaving, de mogelijkheid te bieden te werken aan een betere toekomst.<\/p><p>Sindsdien heeft de stichting zich enorm ontwikkeld, dankzij de inzet van goede medewerkers en vrijwilligers. Dezelfde vrijwilligers die destijds in Medell\u00edn bij de stichting werkten, \u00a0zijn nu nog steeds actief vanuit Nederland, in nauw contact met de medewerkers in Medell\u00edn.<\/p><p>Inmiddels krijgen we ook regelmatig vrijwilligers uit andere landen dan Nederland op bezoek. En we willen dat ons werk niet alleen in Colombia en Nederland, maar over de hele wereld bekend wordt. Daarom hebben we in 2021 gekozen voor een nieuwe naam: Children of Medell\u00edn.<\/p>\t\t\t\t\t\t\t\t<\/div>\n\t\t\t\t<\/div>\n\t\t\t\t\t<\/div>\n\t\t<\/div>\n\t\t\t\t<div class=\"elementor-column elementor-col-50 elementor-top-column elementor-element elementor-element-719f762\" data-id=\"719f762\" data-element_type=\"column\" data-e-type=\"column\">\n\t\t\t<div class=\"elementor-widget-wrap elementor-element-populated\">\n\t\t\t\t\t\t<div class=\"elementor-element elementor-element-f823587 elementor-widget elementor-widget-image\" data-id=\"f823587\" data-element_type=\"widget\" data-e-type=\"widget\" data-widget_type=\"image.default\">\n\t\t\t\t<div class=\"elementor-widget-container\">\n\t\t\t\t\t\t\t\t\t\t\t\t\t\t\t<img fetchpriority=\"high\" decoding=\"async\" width=\"540\" height=\"361\" src=\"https:\/\/childrenofmedellin.com\/staging\/wp-content\/uploads\/2022\/01\/Diversen-5-1024x684.jpg\" class=\"attachment-large size-large wp-image-194\" alt=\"\" srcset=\"https:\/\/childrenofmedellin.com\/staging\/wp-content\/uploads\/2022\/01\/Diversen-5-1024x684.jpg 1024w, https:\/\/childrenofmedellin.com\/staging\/wp-content\/uploads\/2022\/01\/Diversen-5-300x200.jpg 300w, https:\/\/childrenofmedellin.com\/staging\/wp-content\/uploads\/2022\/01\/Diversen-5-768x513.jpg 768w, https:\/\/childrenofmedellin.com\/staging\/wp-content\/uploads\/2022\/01\/Diversen-5-1536x1026.jpg 1536w, https:\/\/childrenofmedellin.com\/staging\/wp-content\/uploads\/2022\/01\/Diversen-5-2048x1368.jpg 2048w\" sizes=\"(max-width: 540px) 100vw, 540px\" \/>\t\t\t\t\t\t\t\t\t\t\t\t\t\t\t<\/div>\n\t\t\t\t<\/div>\n\t\t\t\t<div class=\"elementor-element elementor-element-557a55b elementor-widget elementor-widget-image\" data-id=\"557a55b\" data-element_type=\"widget\" data-e-type=\"widget\" data-widget_type=\"image.default\">\n\t\t\t\t<div class=\"elementor-widget-container\">\n\t\t\t\t\t\t\t\t\t\t\t\t\t\t\t<img decoding=\"async\" width=\"540\" height=\"405\" src=\"https:\/\/childrenofmedellin.com\/staging\/wp-content\/uploads\/2022\/01\/Voetbal-14-1024x768.jpg\" class=\"attachment-large size-large wp-image-455\" alt=\"\" srcset=\"https:\/\/childrenofmedellin.com\/staging\/wp-content\/uploads\/2022\/01\/Voetbal-14-1024x768.jpg 1024w, https:\/\/childrenofmedellin.com\/staging\/wp-content\/uploads\/2022\/01\/Voetbal-14-300x225.jpg 300w, https:\/\/childrenofmedellin.com\/staging\/wp-content\/uploads\/2022\/01\/Voetbal-14-768x576.jpg 768w, https:\/\/childrenofmedellin.com\/staging\/wp-content\/uploads\/2022\/01\/Voetbal-14-1536x1152.jpg 1536w, https:\/\/childrenofmedellin.com\/staging\/wp-content\/uploads\/2022\/01\/Voetbal-14-2048x1536.jpg 2048w\" sizes=\"(max-width: 540px) 100vw, 540px\" \/>\t\t\t\t\t\t\t\t\t\t\t\t\t\t\t<\/div>\n\t\t\t\t<\/div>\n\t\t\t\t\t<\/div>\n\t\t<\/div>\n\t\t\t\t\t<\/div>\n\t\t<\/section>\n\t\t\t\t<section class=\"elementor-section elementor-top-section elementor-element elementor-element-2e52f35 elementor-section-boxed elementor-section-height-default elementor-section-height-default\" data-id=\"2e52f35\" data-element_type=\"section\" data-e-type=\"section\" id=\"waarstaanwenu\" data-settings=\"{&quot;background_background&quot;:&quot;gradient&quot;}\">\n\t\t\t\t\t\t<div class=\"elementor-container elementor-column-gap-default\">\n\t\t\t\t\t<div class=\"elementor-column elementor-col-50 elementor-top-column elementor-element elementor-element-401251d\" data-id=\"401251d\" data-element_type=\"column\" data-e-type=\"column\">\n\t\t\t<div class=\"elementor-widget-wrap elementor-element-populated\">\n\t\t\t\t\t\t<div class=\"elementor-element elementor-element-9af1cc6 elementor-widget elementor-widget-image\" data-id=\"9af1cc6\" data-element_type=\"widget\" data-e-type=\"widget\" data-widget_type=\"image.default\">\n\t\t\t\t<div class=\"elementor-widget-container\">\n\t\t\t\t\t\t\t\t\t\t\t\t\t\t\t<img decoding=\"async\" width=\"540\" height=\"360\" src=\"https:\/\/childrenofmedellin.com\/staging\/wp-content\/uploads\/2024\/05\/DSCF5352-1024x682.jpg\" class=\"attachment-large size-large wp-image-3198\" alt=\"\" srcset=\"https:\/\/childrenofmedellin.com\/staging\/wp-content\/uploads\/2024\/05\/DSCF5352-1024x682.jpg 1024w, https:\/\/childrenofmedellin.com\/staging\/wp-content\/uploads\/2024\/05\/DSCF5352-300x200.jpg 300w, https:\/\/childrenofmedellin.com\/staging\/wp-content\/uploads\/2024\/05\/DSCF5352-768x512.jpg 768w, https:\/\/childrenofmedellin.com\/staging\/wp-content\/uploads\/2024\/05\/DSCF5352-1536x1024.jpg 1536w, https:\/\/childrenofmedellin.com\/staging\/wp-content\/uploads\/2024\/05\/DSCF5352.jpg 2000w\" sizes=\"(max-width: 540px) 100vw, 540px\" \/>\t\t\t\t\t\t\t\t\t\t\t\t\t\t\t<\/div>\n\t\t\t\t<\/div>\n\t\t\t\t<div class=\"elementor-element elementor-element-a33c1ac elementor-widget elementor-widget-image\" data-id=\"a33c1ac\" data-element_type=\"widget\" data-e-type=\"widget\" data-widget_type=\"image.default\">\n\t\t\t\t<div class=\"elementor-widget-container\">\n\t\t\t\t\t\t\t\t\t\t\t\t\t\t\t<img loading=\"lazy\" decoding=\"async\" width=\"540\" height=\"360\" src=\"https:\/\/childrenofmedellin.com\/staging\/wp-content\/uploads\/2022\/01\/Lezen-en-schrijven-6-1024x683.jpg\" class=\"attachment-large size-large wp-image-341\" alt=\"\" srcset=\"https:\/\/childrenofmedellin.com\/staging\/wp-content\/uploads\/2022\/01\/Lezen-en-schrijven-6-1024x683.jpg 1024w, https:\/\/childrenofmedellin.com\/staging\/wp-content\/uploads\/2022\/01\/Lezen-en-schrijven-6-300x200.jpg 300w, https:\/\/childrenofmedellin.com\/staging\/wp-content\/uploads\/2022\/01\/Lezen-en-schrijven-6-768x512.jpg 768w, https:\/\/childrenofmedellin.com\/staging\/wp-content\/uploads\/2022\/01\/Lezen-en-schrijven-6-1536x1024.jpg 1536w, https:\/\/childrenofmedellin.com\/staging\/wp-content\/uploads\/2022\/01\/Lezen-en-schrijven-6-2048x1366.jpg 2048w\" sizes=\"(max-width: 540px) 100vw, 540px\" \/>\t\t\t\t\t\t\t\t\t\t\t\t\t\t\t<\/div>\n\t\t\t\t<\/div>\n\t\t\t\t\t<\/div>\n\t\t<\/div>\n\t\t\t\t<div class=\"elementor-column elementor-col-50 elementor-top-column elementor-element elementor-element-4a08e59\" data-id=\"4a08e59\" data-element_type=\"column\" data-e-type=\"column\">\n\t\t\t<div class=\"elementor-widget-wrap elementor-element-populated\">\n\t\t\t\t\t\t<div class=\"elementor-element elementor-element-4314f84 elementor-widget elementor-widget-heading\" data-id=\"4314f84\" data-element_type=\"widget\" data-e-type=\"widget\" data-widget_type=\"heading.default\">\n\t\t\t\t<div class=\"elementor-widget-container\">\n\t\t\t\t\t<h2 class=\"elementor-heading-title elementor-size-default\">Waar staan we nu?<\/h2>\t\t\t\t<\/div>\n\t\t\t\t<\/div>\n\t\t\t\t<div class=\"elementor-element elementor-element-ee13a7c elementor-widget elementor-widget-text-editor\" data-id=\"ee13a7c\" data-element_type=\"widget\" data-e-type=\"widget\" data-widget_type=\"text-editor.default\">\n\t\t\t\t<div class=\"elementor-widget-container\">\n\t\t\t\t\t\t\t\t\t<p>De stichting telt 29 medewerkers, waaronder twee Nederlanders. Momenteel zijn er zes medewerkers van de stichting die voortkomen uit ons eigen programma. Yisela is afgestudeerd in sport en recreatie, YanKarlo ondersteunt met de financi\u00eble administratie, Juanes en Luis zijn voetbaltrainers, Sandra is onze videograaf en Dahiana werkt als receptioniste. <br \/>Andere jongeren hebben met ondersteuning van de stichting hun studie afgerond en hebben elders formeel werk.<\/p><p>Meer dan 500 kinderen nemen actief deel aan onze activiteiten en ontvangen drie keer per week een stuk fruit na afloop van een activiteit. In totaal zijn er 17 jongeren die momenteel een vervolgopleiding volgen. Deze jongeren krijgen persoonlijke begeleiding tijdens hun studie en bij het vinden van formeel werk, dankzij ons groeiende netwerk van bedrijven en instellingen die zich inzetten om \u2018onze\u2019 jongeren kansen te bieden.<\/p><p>Veel van de kinderen die deelnemen aan onze activiteiten leven in zware armoede en zijn ondervoed. De stichting kent de kinderen en hun situaties en maakt een keuze wie in aanmerking komt voor het project \u2018steun een kind\u2019. Deze gezinnen ontvangen elke twee maanden een uitgebreid voedselpakket en soms andere vormen van steun, afhankelijk van hun individuele behoeften. Momenteel worden 60 gezinnen ondersteund door de stichting.<\/p><p>Na jaren van samenwerking met de kinderen zien we dat ze meer zelfvertrouwen krijgen. Het aantal schoolverlaters is verminderd en steeds meer jongeren tonen interesse in het volgen van een studie na de middelbare school. Er zijn positieve rolmodellen voor de kinderen, wat bijdraagt aan deze ontwikkelingen. Deze positieve trends zorgen ervoor dat steeds meer jongeren de kans krijgen om formeel werk te vinden en eindelijk de vicieuze cirkel van armoede, informeel werk en geweld te doorbreken.<\/p>\t\t\t\t\t\t\t\t<\/div>\n\t\t\t\t<\/div>\n\t\t\t\t\t<\/div>\n\t\t<\/div>\n\t\t\t\t\t<\/div>\n\t\t<\/section>\n\t\t\t\t<section class=\"elementor-section elementor-top-section elementor-element elementor-element-ed57da1 elementor-section-boxed elementor-section-height-default elementor-section-height-default\" data-id=\"ed57da1\" data-element_type=\"section\" data-e-type=\"section\" id=\"onzemissie\" data-settings=\"{&quot;background_background&quot;:&quot;gradient&quot;}\">\n\t\t\t\t\t\t<div class=\"elementor-container elementor-column-gap-default\">\n\t\t\t\t\t<div class=\"elementor-column elementor-col-50 elementor-top-column elementor-element elementor-element-1a1eabf\" data-id=\"1a1eabf\" data-element_type=\"column\" data-e-type=\"column\">\n\t\t\t<div class=\"elementor-widget-wrap elementor-element-populated\">\n\t\t\t\t\t\t<div class=\"elementor-element elementor-element-673c6f1 elementor-widget elementor-widget-heading\" data-id=\"673c6f1\" data-element_type=\"widget\" data-e-type=\"widget\" data-widget_type=\"heading.default\">\n\t\t\t\t<div class=\"elementor-widget-container\">\n\t\t\t\t\t<h2 class=\"elementor-heading-title elementor-size-default\">Onze missie, visie en doelstelling<\/h2>\t\t\t\t<\/div>\n\t\t\t\t<\/div>\n\t\t\t\t<div class=\"elementor-element elementor-element-502d305 elementor-widget elementor-widget-text-editor\" data-id=\"502d305\" data-element_type=\"widget\" data-e-type=\"widget\" data-widget_type=\"text-editor.default\">\n\t\t\t\t<div class=\"elementor-widget-container\">\n\t\t\t\t\t\t\t\t\t<p><strong>Missie<\/strong><\/p><p>Het is onze overtuiging dat elk kind de mogelijkheid moet hebben om zich te ontwikkelen, zijn of haar dromen na te streven en zelf de koers van de toekomst te bepalen. Helaas is deze kans niet vanzelfsprekend voor veel kinderen. De stichting zet zich actief in om deze kinderen te ondersteunen en te stimuleren om zelf verantwoordelijkheid te nemen, zodat zij ongeacht hun achtergrond of omstandigheden de kansen krijgen die ze verdienen.<\/p><p><strong>Visie<\/strong><\/p><p>Het is onze overtuiging dat kinderen de sleutel vormen tot een bloeiende toekomst. Wij streven ernaar een toekomst te cre\u00ebren waarin kinderen niet alleen bloeien in hun persoonlijke ontwikkeling, maar ook als drijvende kracht dienen voor positieve veranderingen in hun directe omgeving. Door te investeren in de kracht en potentie van kinderen, willen wij een gemeenschap inspireren waarin zij, als essenti\u00eble deelnemers, een duurzame impact hebben op het verbeteren van levenskwaliteit en het versterken van hun eigen leefomgeving.<\/p><p><strong>Algemene doelstelling<\/strong><\/p><p>Wij bieden kinderen een uitgebreid programma met sportieve, recreatieve, culturele en educatieve activiteiten en begeleiden de kinderen persoonlijk en in samenwerking met de familie en de leefomgeving. Tijdens deze activiteiten helpen we de kinderen hun passies en talenten te ontdekken, hun eigen toekomst te bepalen en een duurzame impact hebben op hun eigen leefomgeving.<\/p>\t\t\t\t\t\t\t\t<\/div>\n\t\t\t\t<\/div>\n\t\t\t\t\t<\/div>\n\t\t<\/div>\n\t\t\t\t<div class=\"elementor-column elementor-col-50 elementor-top-column elementor-element elementor-element-14e7f44\" data-id=\"14e7f44\" data-element_type=\"column\" data-e-type=\"column\">\n\t\t\t<div class=\"elementor-widget-wrap elementor-element-populated\">\n\t\t\t\t\t\t<div class=\"elementor-element elementor-element-f5a1561 elementor-widget elementor-widget-image\" data-id=\"f5a1561\" data-element_type=\"widget\" data-e-type=\"widget\" data-widget_type=\"image.default\">\n\t\t\t\t<div class=\"elementor-widget-container\">\n\t\t\t\t\t\t\t\t\t\t\t\t\t\t\t<img loading=\"lazy\" decoding=\"async\" width=\"540\" height=\"405\" src=\"https:\/\/childrenofmedellin.com\/staging\/wp-content\/uploads\/2022\/01\/Kinderen-4-1024x768.jpg\" class=\"attachment-large size-large wp-image-299\" alt=\"\" srcset=\"https:\/\/childrenofmedellin.com\/staging\/wp-content\/uploads\/2022\/01\/Kinderen-4-1024x768.jpg 1024w, https:\/\/childrenofmedellin.com\/staging\/wp-content\/uploads\/2022\/01\/Kinderen-4-300x225.jpg 300w, https:\/\/childrenofmedellin.com\/staging\/wp-content\/uploads\/2022\/01\/Kinderen-4-768x576.jpg 768w, https:\/\/childrenofmedellin.com\/staging\/wp-content\/uploads\/2022\/01\/Kinderen-4-1536x1152.jpg 1536w, https:\/\/childrenofmedellin.com\/staging\/wp-content\/uploads\/2022\/01\/Kinderen-4-2048x1536.jpg 2048w\" sizes=\"(max-width: 540px) 100vw, 540px\" \/>\t\t\t\t\t\t\t\t\t\t\t\t\t\t\t<\/div>\n\t\t\t\t<\/div>\n\t\t\t\t<div class=\"elementor-element elementor-element-4ed488a elementor-widget elementor-widget-image\" data-id=\"4ed488a\" data-element_type=\"widget\" data-e-type=\"widget\" data-widget_type=\"image.default\">\n\t\t\t\t<div class=\"elementor-widget-container\">\n\t\t\t\t\t\t\t\t\t\t\t\t\t\t\t<img loading=\"lazy\" decoding=\"async\" width=\"540\" height=\"304\" src=\"https:\/\/childrenofmedellin.com\/staging\/wp-content\/uploads\/2022\/01\/Studie-en-werk-3-1024x576.jpg\" class=\"attachment-large size-large wp-image-431\" alt=\"\" srcset=\"https:\/\/childrenofmedellin.com\/staging\/wp-content\/uploads\/2022\/01\/Studie-en-werk-3-1024x576.jpg 1024w, https:\/\/childrenofmedellin.com\/staging\/wp-content\/uploads\/2022\/01\/Studie-en-werk-3-300x169.jpg 300w, https:\/\/childrenofmedellin.com\/staging\/wp-content\/uploads\/2022\/01\/Studie-en-werk-3-768x432.jpg 768w, https:\/\/childrenofmedellin.com\/staging\/wp-content\/uploads\/2022\/01\/Studie-en-werk-3-1536x864.jpg 1536w, https:\/\/childrenofmedellin.com\/staging\/wp-content\/uploads\/2022\/01\/Studie-en-werk-3-2048x1152.jpg 2048w\" sizes=\"(max-width: 540px) 100vw, 540px\" \/>\t\t\t\t\t\t\t\t\t\t\t\t\t\t\t<\/div>\n\t\t\t\t<\/div>\n\t\t\t\t\t<\/div>\n\t\t<\/div>\n\t\t\t\t\t<\/div>\n\t\t<\/section>\n\t\t\t\t<section class=\"elementor-section elementor-top-section elementor-element elementor-element-44c288c elementor-section-boxed elementor-section-height-default elementor-section-height-default\" data-id=\"44c288c\" data-element_type=\"section\" data-e-type=\"section\" id=\"onzeorganisatie\" data-settings=\"{&quot;background_background&quot;:&quot;gradient&quot;}\">\n\t\t\t\t\t\t<div class=\"elementor-container elementor-column-gap-default\">\n\t\t\t\t\t<div class=\"elementor-column elementor-col-50 elementor-top-column elementor-element elementor-element-f1c671d\" data-id=\"f1c671d\" data-element_type=\"column\" data-e-type=\"column\">\n\t\t\t<div class=\"elementor-widget-wrap elementor-element-populated\">\n\t\t\t\t\t\t<div class=\"elementor-element elementor-element-a03126e elementor-widget elementor-widget-image\" data-id=\"a03126e\" data-element_type=\"widget\" data-e-type=\"widget\" data-widget_type=\"image.default\">\n\t\t\t\t<div class=\"elementor-widget-container\">\n\t\t\t\t\t\t\t\t\t\t\t\t\t\t\t<img loading=\"lazy\" decoding=\"async\" width=\"540\" height=\"446\" src=\"https:\/\/childrenofmedellin.com\/staging\/wp-content\/uploads\/2022\/01\/Medewerkers-1-1024x846.png\" class=\"attachment-large size-large wp-image-344\" alt=\"\" srcset=\"https:\/\/childrenofmedellin.com\/staging\/wp-content\/uploads\/2022\/01\/Medewerkers-1-1024x846.png 1024w, https:\/\/childrenofmedellin.com\/staging\/wp-content\/uploads\/2022\/01\/Medewerkers-1-300x248.png 300w, https:\/\/childrenofmedellin.com\/staging\/wp-content\/uploads\/2022\/01\/Medewerkers-1-768x634.png 768w, https:\/\/childrenofmedellin.com\/staging\/wp-content\/uploads\/2022\/01\/Medewerkers-1-1536x1269.png 1536w, https:\/\/childrenofmedellin.com\/staging\/wp-content\/uploads\/2022\/01\/Medewerkers-1.png 2000w\" sizes=\"(max-width: 540px) 100vw, 540px\" \/>\t\t\t\t\t\t\t\t\t\t\t\t\t\t\t<\/div>\n\t\t\t\t<\/div>\n\t\t\t\t<div class=\"elementor-element elementor-element-511961c elementor-widget elementor-widget-image\" data-id=\"511961c\" data-element_type=\"widget\" data-e-type=\"widget\" data-widget_type=\"image.default\">\n\t\t\t\t<div class=\"elementor-widget-container\">\n\t\t\t\t\t\t\t\t\t\t\t\t\t\t\t<img loading=\"lazy\" decoding=\"async\" width=\"540\" height=\"360\" src=\"https:\/\/childrenofmedellin.com\/staging\/wp-content\/uploads\/2023\/03\/Equipo-Fundacion-Caminos-1024x683.jpg\" class=\"attachment-large size-large wp-image-2744\" alt=\"\" srcset=\"https:\/\/childrenofmedellin.com\/staging\/wp-content\/uploads\/2023\/03\/Equipo-Fundacion-Caminos-1024x683.jpg 1024w, https:\/\/childrenofmedellin.com\/staging\/wp-content\/uploads\/2023\/03\/Equipo-Fundacion-Caminos-300x200.jpg 300w, https:\/\/childrenofmedellin.com\/staging\/wp-content\/uploads\/2023\/03\/Equipo-Fundacion-Caminos-768x512.jpg 768w, https:\/\/childrenofmedellin.com\/staging\/wp-content\/uploads\/2023\/03\/Equipo-Fundacion-Caminos-1536x1024.jpg 1536w, https:\/\/childrenofmedellin.com\/staging\/wp-content\/uploads\/2023\/03\/Equipo-Fundacion-Caminos-2048x1365.jpg 2048w\" sizes=\"(max-width: 540px) 100vw, 540px\" \/>\t\t\t\t\t\t\t\t\t\t\t\t\t\t\t<\/div>\n\t\t\t\t<\/div>\n\t\t\t\t\t<\/div>\n\t\t<\/div>\n\t\t\t\t<div class=\"elementor-column elementor-col-50 elementor-top-column elementor-element elementor-element-a29ade0\" data-id=\"a29ade0\" data-element_type=\"column\" data-e-type=\"column\">\n\t\t\t<div class=\"elementor-widget-wrap elementor-element-populated\">\n\t\t\t\t\t\t<div class=\"elementor-element elementor-element-b8c6c89 elementor-widget elementor-widget-heading\" data-id=\"b8c6c89\" data-element_type=\"widget\" data-e-type=\"widget\" data-widget_type=\"heading.default\">\n\t\t\t\t<div class=\"elementor-widget-container\">\n\t\t\t\t\t<h2 class=\"elementor-heading-title elementor-size-default\">Onze organisatie<\/h2>\t\t\t\t<\/div>\n\t\t\t\t<\/div>\n\t\t\t\t<div class=\"elementor-element elementor-element-735db6d elementor-widget elementor-widget-text-editor\" data-id=\"735db6d\" data-element_type=\"widget\" data-e-type=\"widget\" data-widget_type=\"text-editor.default\">\n\t\t\t\t<div class=\"elementor-widget-container\">\n\t\t\t\t\t\t\t\t\t<p>De Nederlandse stichting Straatkinderen Medell\u00edn is in 2008 opgericht. Een jaar later richtten we de Colombiaanse stichting Fundaci\u00f3n Caminos op. De stichting Straatkinderen Medell\u00edn heet sinds 2022 Children of Medell\u00edn en werkt nauw samen met Fundaci\u00f3n Caminos. Ze hebben een gelijkend logo, dezelfde doelstellingen en een gezamenlijke financi\u00eble huishouding. Er zijn korte lijnen tussen de medewerkers in Medell\u00edn en het bestuur en vrijwilligers in Nederland. Deze korte lijnen zorgen voor duidelijkheid.<\/p><p><strong>Bestuur Nederland:<\/strong><\/p><p>Voorzitter Anne Schepers<br \/>Penningmeester Pepijn Pinkse<br \/>Secretaris Emma Rotman<\/p><p><strong>Stichting \u2018Fundaci\u00f3n Caminos\u2019:<\/strong><\/p><p>De stichting \u2018Fundaci\u00f3n Caminos\u2019 in Medell\u00edn bestaat uit een bestuur van drie personen en de accountant Orlando Gaviria. De bestuursleden krijgen voor hun werkzaamheden geen beloning. De accountant en de medewerkers die de activiteiten organiseren ontvangen een salaris.<\/p><p>Presidente (voorzitter) Eddy Veldhuisen<br \/>Vice presidente (vice voorzitter) M\u00f3nica Trujillo Valencia<br \/>Secretaria (secretaris) Adriana Maria Trujillo Valencia<\/p><p>In Colombia hebben we een team van 29 medewerkers. 27 medewerkers zijn Colombiaans. De Nederlanders Sabine Bouwmeester en Simon Hofstede werken in Colombia en zijn tevens contactpersoon tussen beide stichtingen.<\/p>\t\t\t\t\t\t\t\t<\/div>\n\t\t\t\t<\/div>\n\t\t\t\t\t<\/div>\n\t\t<\/div>\n\t\t\t\t\t<\/div>\n\t\t<\/section>\n\t\t\t\t<section class=\"elementor-section elementor-top-section elementor-element elementor-element-29b7bde elementor-section-boxed elementor-section-height-default elementor-section-height-default\" data-id=\"29b7bde\" data-element_type=\"section\" data-e-type=\"section\" id=\"vrijwilligers\" data-settings=\"{&quot;background_background&quot;:&quot;gradient&quot;}\">\n\t\t\t\t\t\t<div class=\"elementor-container elementor-column-gap-default\">\n\t\t\t\t\t<div class=\"elementor-column elementor-col-50 elementor-top-column elementor-element elementor-element-e450d21\" data-id=\"e450d21\" data-element_type=\"column\" data-e-type=\"column\">\n\t\t\t<div class=\"elementor-widget-wrap elementor-element-populated\">\n\t\t\t\t\t\t<div class=\"elementor-element elementor-element-c3645c1 elementor-widget elementor-widget-heading\" data-id=\"c3645c1\" data-element_type=\"widget\" data-e-type=\"widget\" data-widget_type=\"heading.default\">\n\t\t\t\t<div class=\"elementor-widget-container\">\n\t\t\t\t\t<h2 class=\"elementor-heading-title elementor-size-default\">Vrijwilligers<\/h2>\t\t\t\t<\/div>\n\t\t\t\t<\/div>\n\t\t\t\t<div class=\"elementor-element elementor-element-ee5b6b9 elementor-widget elementor-widget-text-editor\" data-id=\"ee5b6b9\" data-element_type=\"widget\" data-e-type=\"widget\" data-widget_type=\"text-editor.default\">\n\t\t\t\t<div class=\"elementor-widget-container\">\n\t\t\t\t\t\t\t\t\t<p>Stichting Children of Medell\u00edn is gebouwd op vrijwilligers en nieuwe gezichten zijn altijd van harte welkom. Er zijn vrijwilligers nauw betrokken bij de werkzaamheden en vrijwilligers die concrete taken op zich nemen.<\/p><p>Guus Montenegro<br \/>Nico Verbeek<\/p><p>In Colombia komen elk jaar vrijwilligers uit verschillende landen naar Medell\u00edn om de stichting te helpen. Afhankelijk van hun beschikbaarheid, niveau Spaans, interesses en motivatie bespreken we met elkaar hoe ze kunnen bijdragen.<\/p>\t\t\t\t\t\t\t\t<\/div>\n\t\t\t\t<\/div>\n\t\t\t\t\t<\/div>\n\t\t<\/div>\n\t\t\t\t<div class=\"elementor-column elementor-col-50 elementor-top-column elementor-element elementor-element-f190e5b\" data-id=\"f190e5b\" data-element_type=\"column\" data-e-type=\"column\">\n\t\t\t<div class=\"elementor-widget-wrap elementor-element-populated\">\n\t\t\t\t\t\t<div class=\"elementor-element elementor-element-affa536 elementor-widget elementor-widget-image\" data-id=\"affa536\" data-element_type=\"widget\" data-e-type=\"widget\" data-widget_type=\"image.default\">\n\t\t\t\t<div class=\"elementor-widget-container\">\n\t\t\t\t\t\t\t\t\t\t\t\t\t\t\t<img loading=\"lazy\" decoding=\"async\" width=\"540\" height=\"405\" src=\"https:\/\/childrenofmedellin.com\/staging\/wp-content\/uploads\/2023\/03\/voluntarios-1-1024x768.jpg\" class=\"attachment-large size-large wp-image-2813\" alt=\"\" srcset=\"https:\/\/childrenofmedellin.com\/staging\/wp-content\/uploads\/2023\/03\/voluntarios-1-1024x768.jpg 1024w, https:\/\/childrenofmedellin.com\/staging\/wp-content\/uploads\/2023\/03\/voluntarios-1-300x225.jpg 300w, https:\/\/childrenofmedellin.com\/staging\/wp-content\/uploads\/2023\/03\/voluntarios-1-768x576.jpg 768w, https:\/\/childrenofmedellin.com\/staging\/wp-content\/uploads\/2023\/03\/voluntarios-1-1536x1152.jpg 1536w, https:\/\/childrenofmedellin.com\/staging\/wp-content\/uploads\/2023\/03\/voluntarios-1-2048x1536.jpg 2048w\" sizes=\"(max-width: 540px) 100vw, 540px\" \/>\t\t\t\t\t\t\t\t\t\t\t\t\t\t\t<\/div>\n\t\t\t\t<\/div>\n\t\t\t\t\t<\/div>\n\t\t<\/div>\n\t\t\t\t\t<\/div>\n\t\t<\/section>\n\t\t\t\t<section class=\"elementor-section elementor-top-section elementor-element elementor-element-92f8808 elementor-section-boxed elementor-section-height-default elementor-section-height-default\" data-id=\"92f8808\" data-element_type=\"section\" data-e-type=\"section\" id=\"adviseurs\" data-settings=\"{&quot;background_background&quot;:&quot;gradient&quot;}\">\n\t\t\t\t\t\t<div class=\"elementor-container elementor-column-gap-default\">\n\t\t\t\t\t<div class=\"elementor-column elementor-col-50 elementor-top-column elementor-element elementor-element-63627cb\" data-id=\"63627cb\" data-element_type=\"column\" data-e-type=\"column\">\n\t\t\t<div class=\"elementor-widget-wrap elementor-element-populated\">\n\t\t\t\t\t\t<div class=\"elementor-element elementor-element-e233ce2 elementor-widget elementor-widget-image\" data-id=\"e233ce2\" data-element_type=\"widget\" data-e-type=\"widget\" data-widget_type=\"image.default\">\n\t\t\t\t<div class=\"elementor-widget-container\">\n\t\t\t\t\t\t\t\t\t\t\t\t\t\t\t<img loading=\"lazy\" decoding=\"async\" width=\"540\" height=\"290\" src=\"https:\/\/childrenofmedellin.com\/staging\/wp-content\/uploads\/2024\/05\/Musica-Sarare-1024x550.jpg\" class=\"attachment-large size-large wp-image-3246\" alt=\"\" srcset=\"https:\/\/childrenofmedellin.com\/staging\/wp-content\/uploads\/2024\/05\/Musica-Sarare-1024x550.jpg 1024w, https:\/\/childrenofmedellin.com\/staging\/wp-content\/uploads\/2024\/05\/Musica-Sarare-300x161.jpg 300w, https:\/\/childrenofmedellin.com\/staging\/wp-content\/uploads\/2024\/05\/Musica-Sarare-768x412.jpg 768w, https:\/\/childrenofmedellin.com\/staging\/wp-content\/uploads\/2024\/05\/Musica-Sarare.jpg 1440w\" sizes=\"(max-width: 540px) 100vw, 540px\" \/>\t\t\t\t\t\t\t\t\t\t\t\t\t\t\t<\/div>\n\t\t\t\t<\/div>\n\t\t\t\t\t<\/div>\n\t\t<\/div>\n\t\t\t\t<div class=\"elementor-column elementor-col-50 elementor-top-column elementor-element elementor-element-4b9c879\" data-id=\"4b9c879\" data-element_type=\"column\" data-e-type=\"column\">\n\t\t\t<div class=\"elementor-widget-wrap elementor-element-populated\">\n\t\t\t\t\t\t<div class=\"elementor-element elementor-element-33a36f3 elementor-widget elementor-widget-heading\" data-id=\"33a36f3\" data-element_type=\"widget\" data-e-type=\"widget\" data-widget_type=\"heading.default\">\n\t\t\t\t<div class=\"elementor-widget-container\">\n\t\t\t\t\t<h2 class=\"elementor-heading-title elementor-size-default\">Adviseurs<\/h2>\t\t\t\t<\/div>\n\t\t\t\t<\/div>\n\t\t\t\t<div class=\"elementor-element elementor-element-6f4f922 elementor-widget elementor-widget-text-editor\" data-id=\"6f4f922\" data-element_type=\"widget\" data-e-type=\"widget\" data-widget_type=\"text-editor.default\">\n\t\t\t\t<div class=\"elementor-widget-container\">\n\t\t\t\t\t\t\t\t\t<p>De stichting is ambitieus en laat zich graag adviseren door mensen met kennis van zaken. Er wordt dankbaar gebruik gemaakt van betrokken personen die altijd klaar staan om ons verder te helpen.<\/p><p>Ferry Brands<br \/>Ren\u00e9 Hartman<br \/>Ton en Wilma Leukel<\/p>\t\t\t\t\t\t\t\t<\/div>\n\t\t\t\t<\/div>\n\t\t\t\t\t<\/div>\n\t\t<\/div>\n\t\t\t\t\t<\/div>\n\t\t<\/section>\n\t\t\t\t<\/div>\n\t\t","protected":false},"excerpt":{"rendered":"<p>Over ons Hoe zijn we begonnen? In juli 2006 is Eddy Veldhuisen als vrijwilliger begonnen met voetballen op straat met straatkinderen in \u2018de stad van de eeuwige lente\u2019 Medell\u00edn, Colombia. Uiteindelijk deed een grote groep kinderen structureel mee en kwam de vraag: \u201cZouden we kunnen voetballen in een offici\u00eble competitie?\u201d\u201cDaar wil ik mijn best voor &hellip;<\/p>\n","protected":false},"author":3,"featured_media":0,"parent":0,"menu_order":0,"comment_status":"closed","ping_status":"closed","template":"","meta":{"inline_featured_image":false,"footnotes":"","_links_to":"","_links_to_target":""},"class_list":["post-12","page","type-page","status-publish","hentry"],"_links":{"self":[{"href":"https:\/\/childrenofmedellin.com\/staging\/wp-json\/wp\/v2\/pages\/12","targetHints":{"allow":["GET"]}}],"collection":[{"href":"https:\/\/childrenofmedellin.com\/staging\/wp-json\/wp\/v2\/pages"}],"about":[{"href":"https:\/\/childrenofmedellin.com\/staging\/wp-json\/wp\/v2\/types\/page"}],"author":[{"embeddable":true,"href":"https:\/\/childrenofmedellin.com\/staging\/wp-json\/wp\/v2\/users\/3"}],"replies":[{"embeddable":true,"href":"https:\/\/childrenofmedellin.com\/staging\/wp-json\/wp\/v2\/comments?post=12"}],"version-history":[{"count":188,"href":"https:\/\/childrenofmedellin.com\/staging\/wp-json\/wp\/v2\/pages\/12\/revisions"}],"predecessor-version":[{"id":4234,"href":"https:\/\/childrenofmedellin.com\/staging\/wp-json\/wp\/v2\/pages\/12\/revisions\/4234"}],"wp:attachment":[{"href":"https:\/\/childrenofmedellin.com\/staging\/wp-json\/wp\/v2\/media?parent=12"}],"curies":[{"name":"wp","href":"https:\/\/api.w.org\/{rel}","templated":true}]}}